{"version":"1.0","provider_name":"Portal NPM","provider_url":"https:\/\/portalnpm.com","author_name":"Genival Barbosa","author_url":"https:\/\/portalnpm.com\/index.php\/author\/genival\/","title":"J\u00falio Arcoverde acerta parceria pol\u00edtica com M\u00e3o Santa","type":"rich","width":600,"height":338,"html":"<blockquote class=\"wp-embedded-content\" data-secret=\"0sC3ClGh5k\"><a href=\"https:\/\/portalnpm.com\/index.php\/2021\/02\/21\/julio-arcoverde-acerta-parceria-politica-com-mao-santa\/\">J\u00falio Arcoverde acerta parceria pol\u00edtica com M\u00e3o Santa<\/a><\/blockquote><iframe sandbox=\"allow-scripts\" security=\"restricted\" src=\"https:\/\/portalnpm.com\/index.php\/2021\/02\/21\/julio-arcoverde-acerta-parceria-politica-com-mao-santa\/embed\/#?secret=0sC3ClGh5k\" width=\"600\" height=\"338\" title=\"&#8220;J\u00falio Arcoverde acerta parceria pol\u00edtica com M\u00e3o Santa&#8221; &#8212; Portal NPM\" data-secret=\"0sC3ClGh5k\" frameborder=\"0\" marginwidth=\"0\" marginheight=\"0\" scrolling=\"no\" class=\"wp-embedded-content\"><\/iframe><script type=\"text\/javascript\">\n\/* <![CDATA[ *\/\n\/*! This file is auto-generated *\/\n!function(d,l){\"use strict\";l.querySelector&&d.addEventListener&&\"undefined\"!=typeof URL&&(d.wp=d.wp||{},d.wp.receiveEmbedMessage||(d.wp.receiveEmbedMessage=function(e){var t=e.data;if((t||t.secret||t.message||t.value)&&!\/[^a-zA-Z0-9]\/.test(t.secret)){for(var s,r,n,a=l.querySelectorAll('iframe[data-secret=\"'+t.secret+'\"]'),o=l.querySelectorAll('blockquote[data-secret=\"'+t.secret+'\"]'),c=new RegExp(\"^https?:$\",\"i\"),i=0;i<o.length;i++)o[i].style.display=\"none\";for(i=0;i<a.length;i++)s=a[i],e.source===s.contentWindow&&(s.removeAttribute(\"style\"),\"height\"===t.message?(1e3<(r=parseInt(t.value,10))?r=1e3:~~r<200&&(r=200),s.height=r):\"link\"===t.message&&(r=new URL(s.getAttribute(\"src\")),n=new URL(t.value),c.test(n.protocol))&&n.host===r.host&&l.activeElement===s&&(d.top.location.href=t.value))}},d.addEventListener(\"message\",d.wp.receiveEmbedMessage,!1),l.addEventListener(\"DOMContentLoaded\",function(){for(var e,t,s=l.querySelectorAll(\"iframe.wp-embedded-content\"),r=0;r<s.length;r++)(t=(e=s[r]).getAttribute(\"data-secret\"))||(t=Math.random().toString(36).substring(2,12),e.src+=\"#?secret=\"+t,e.setAttribute(\"data-secret\",t)),e.contentWindow.postMessage({message:\"ready\",secret:t},\"*\")},!1)))}(window,document);\n\/* ]]> *\/\n<\/script>\n","thumbnail_url":"https:\/\/portalnpm.com\/wp-content\/uploads\/2024\/01\/maosanta-arcoverde-1.jpg","thumbnail_width":790,"thumbnail_height":591,"description":"O deputado estadual J\u00falio Arcoverde (Progressistas) visita Parna\u00edba, conversa com o prefeito M\u00e3o Santa (DEM) e refor\u00e7a parceria pol\u00edtica para as elei\u00e7\u00f5es de 2022. Na conversa, J\u00falio formalizou convite para filia\u00e7\u00e3o da secret\u00e1ria Gracinha Moraes Souza (filha de M\u00e3o Santa), que ser\u00e1 candidata \u00e0 C\u00e2mara Federal no pr\u00f3ximo ano. O Progressistas \u00e9 a principal for\u00e7a &hellip;"}